{"id":140,"date":"2021-02-24T11:35:37","date_gmt":"2021-02-24T10:35:37","guid":{"rendered":"https:\/\/zanetapawlik.pl\/?page_id=140"},"modified":"2026-04-11T17:02:26","modified_gmt":"2026-04-11T15:02:26","slug":"ksiazki","status":"publish","type":"page","link":"https:\/\/zanetapawlik.pl\/index.php\/ksiazki\/","title":{"rendered":"Ksi\u0105\u017cki"},"content":{"rendered":"\n<div class=\"wp-block-buttons is-layout-flex wp-block-buttons-is-layout-flex\"><\/div>\n\n\n\n<div style=\"height:39px\" aria-hidden=\"true\" class=\"wp-block-spacer\"><\/div>\n\n\n\n<div class=\"wp-block-columns is-layout-flex wp-container-core-columns-is-layout-9d6595d7 wp-block-columns-is-layout-flex\">\n<div class=\"wp-block-column is-layout-flow wp-block-column-is-layout-flow\">\n<div class=\"wp-block-media-text has-media-on-the-right is-stacked-on-mobile has-white-color has-black-background-color has-text-color has-background has-link-color wp-elements-8ea8e0d4aa0f6a9275b32e8b801e678a\"><div class=\"wp-block-media-text__content\">\n<p>To powie\u015b\u0107 o kobieco\u015bci, zagubieniu, potrzebie blisko\u015bci i nadziei.<\/p>\n\n\n\n<p>Poruszaj\u0105ca historia kobiety, kt\u00f3ra pr\u00f3buje odnale\u017a\u0107 siebie w \u015bwiecie pe\u0142nym niedopowiedze\u0144, bolesnych wspomnie\u0144 i trudnych relacji. Nie jest to opowie\u015b\u0107 o upadku, lecz o sile, kt\u00f3ra rodzi si\u0119 z potrzeby zmiany.<br>Anita Wejnart wychowa\u0142a si\u0119 w domu naznaczonym alkoholizmem i emocjonalnym ch\u0142odem. W doros\u0142ym \u017cyciu odkrywa, \u017ce zosta\u0142a porzucona przez biologiczn\u0105 matk\u0119, a to\u017csamo\u015b\u0107 ojca pozostaje nieznana. W tej sytuacji rozpaczliwie szuka punktu oparcia, sensu i prawdy o sobie. Cho\u0107 Anita nie radzi sobie z emocjami i szuka ukojenia w alkoholu, jej historia pokazuje, \u017ce warto podj\u0105\u0107 prac\u0119 nad sob\u0105 i odnale\u017a\u0107 si\u0142\u0119, by zawalczy\u0107 o w\u0142asne \u017cycie.<\/p>\n<\/div><figure class=\"wp-block-media-text__media\"><img loading=\"lazy\" decoding=\"async\" width=\"915\" height=\"1024\" src=\"https:\/\/zanetapawlik.pl\/wp-content\/uploads\/2026\/04\/Na_dnie_lustra-mockup-okladka-915x1024.png\" alt=\"\" class=\"wp-image-2510 size-full\" srcset=\"https:\/\/zanetapawlik.pl\/wp-content\/uploads\/2026\/04\/Na_dnie_lustra-mockup-okladka-915x1024.png 915w, https:\/\/zanetapawlik.pl\/wp-content\/uploads\/2026\/04\/Na_dnie_lustra-mockup-okladka-268x300.png 268w, https:\/\/zanetapawlik.pl\/wp-content\/uploads\/2026\/04\/Na_dnie_lustra-mockup-okladka-768x859.png 768w, https:\/\/zanetapawlik.pl\/wp-content\/uploads\/2026\/04\/Na_dnie_lustra-mockup-okladka-1373x1536.png 1373w, https:\/\/zanetapawlik.pl\/wp-content\/uploads\/2026\/04\/Na_dnie_lustra-mockup-okladka-1140x1275.png 1140w, https:\/\/zanetapawlik.pl\/wp-content\/uploads\/2026\/04\/Na_dnie_lustra-mockup-okladka.png 1788w\" sizes=\"auto, (max-width: 915px) 100vw, 915px\" \/><\/figure><\/div>\n\n\n\n<p><\/p>\n<\/div>\n<\/div>\n\n\n\n<div class=\"wp-block-media-text alignfull is-stacked-on-mobile has-white-color has-black-background-color has-text-color has-background\"><figure class=\"wp-block-media-text__media\"><img loading=\"lazy\" decoding=\"async\" width=\"700\" height=\"1024\" src=\"https:\/\/zanetapawlik.pl\/wp-content\/uploads\/2025\/09\/Popielate-slonca-okladka--700x1024.jpeg\" alt=\"\" class=\"wp-image-2435 size-full\" srcset=\"https:\/\/zanetapawlik.pl\/wp-content\/uploads\/2025\/09\/Popielate-slonca-okladka--700x1024.jpeg 700w, https:\/\/zanetapawlik.pl\/wp-content\/uploads\/2025\/09\/Popielate-slonca-okladka--205x300.jpeg 205w, https:\/\/zanetapawlik.pl\/wp-content\/uploads\/2025\/09\/Popielate-slonca-okladka--768x1124.jpeg 768w, https:\/\/zanetapawlik.pl\/wp-content\/uploads\/2025\/09\/Popielate-slonca-okladka--1049x1536.jpeg 1049w, https:\/\/zanetapawlik.pl\/wp-content\/uploads\/2025\/09\/Popielate-slonca-okladka--1140x1669.jpeg 1140w, https:\/\/zanetapawlik.pl\/wp-content\/uploads\/2025\/09\/Popielate-slonca-okladka-.jpeg 1399w\" sizes=\"auto, (max-width: 700px) 100vw, 700px\" \/><\/figure><div class=\"wp-block-media-text__content\">\n<p class=\"wp-block-heading has-white-color has-text-color\">Pi\u0119kno rodzi si\u0119 w mroku<\/p>\n\n\n\n<p>Trzydzie\u015bci lat temu Leszek straci\u0142 wzrok. Tylko rze\u017abienie w glinie dawa\u0142o mu ukojenie \u2013 do czasu gdy zwi\u0105za\u0142 si\u0119 z Ew\u0105 i zrezygnowa\u0142 z tej pasji. Z biegiem lat coraz bardziej oddala\u0142 si\u0119 od partnerki i dorastaj\u0105cej c\u00f3rki. Teraz zbli\u017ca si\u0119 do pi\u0119\u0107dziesi\u0105tki i zdaje sobie spraw\u0119, \u017ce cho\u0107 nie chcia\u0142 by\u0107 wi\u0119\u017aniem swoich ogranicze\u0144, to w\u0142a\u015bnie takim si\u0119 sta\u0142.<\/p>\n\n\n\n<p>Joanna znalaz\u0142a si\u0119 na \u017cyciowym zakr\u0119cie. Romans z prze\u0142o\u017conym zako\u0144czy\u0142 si\u0119 katastrof\u0105, a zaraz po powrocie z urlopu, podczas kt\u00f3rego chcia\u0142a oderwa\u0107 si\u0119 od przykrych wspomnie\u0144, zostaje zwolniona z pracy. Przypadek sprawia, \u017ce staje si\u0119 \u015bwiadkiem kolizji drogowej i ratuje z niej Leszka. Spotkanie dwojga poranionych ludzi daje pocz\u0105tek nieoczekiwanej przyja\u017ani.<\/p>\n\n\n\n<p>W \u015bwiecie pe\u0142nym \u017cyciowych zawirowa\u0144, rodzinnych napi\u0119\u0107 i utraconych szans oboje musz\u0105 odnale\u017a\u0107 now\u0105 drog\u0119 \u2013 ku sobie, ku marzeniom, ku nadziei.<\/p>\n<\/div><\/div>\n\n\n\n<div class=\"wp-block-media-text alignfull has-media-on-the-right is-stacked-on-mobile has-white-color has-black-background-color has-text-color has-background\"><div class=\"wp-block-media-text__content\">\n<p class=\"wp-block-heading has-white-color has-text-color\"><strong>Granice \u015bwiat\u0142a<\/strong><\/p>\n\n\n\n<p>Eliza i Nikodem \u2013 w ich ma\u0142\u017ce\u0144stwie jest wi\u0119cej samotno\u015bci ni\u017c blisko\u015bci. Dziel\u0105 ich \u017cal, niedopowiedzenia i rodzinna tragedia. S\u0105 jak dwa kawa\u0142ki magnesu, kt\u00f3re si\u0119 odpychaj\u0105. Kiedy on wyrusza z wypraw\u0105 naukow\u0105 na ko\u0142o podbiegunowe, ona zostaje w domu z my\u015blami i wspomnieniami. Postanawia jednak dzia\u0142a\u0107\u2026<br>W tej opowie\u015bci jest urzekaj\u0105ca przestrze\u0144 i cisza, a jednocze\u015bnie pulsuj\u0105ce uczucia i nadzieje. Arktyka jest t\u0142em historii, ale r\u00f3wnie\u017c metafor\u0105 ch\u0142odu przes\u0105czaj\u0105cego si\u0119 do ka\u017cdego s\u0142owa i gestu niegdy\u015b bliskich sobie ludzi. Pi\u0119knie napisana historia, w kt\u00f3rej \u017baneta Pawlik dowodzi, \u017ce nawet przez ciemno\u015b\u0107 nocy polarnej mo\u017ce przebi\u0107 si\u0119 \u015bwiat\u0142o.<br>Wydanie ksi\u0105\u017cki z du\u017c\u0105, czyteln\u0105 czcionk\u0105.<\/p>\n<\/div><figure class=\"wp-block-media-text__media\"><img loading=\"lazy\" decoding=\"async\" width=\"706\" height=\"1024\" src=\"https:\/\/zanetapawlik.pl\/wp-content\/uploads\/2025\/05\/Granice-swiatla-Zaneta-Pawlik-proza-wspolczesna-okladka-706x1024.jpg\" alt=\"\" class=\"wp-image-2410 size-full\" srcset=\"https:\/\/zanetapawlik.pl\/wp-content\/uploads\/2025\/05\/Granice-swiatla-Zaneta-Pawlik-proza-wspolczesna-okladka-706x1024.jpg 706w, https:\/\/zanetapawlik.pl\/wp-content\/uploads\/2025\/05\/Granice-swiatla-Zaneta-Pawlik-proza-wspolczesna-okladka-207x300.jpg 207w, https:\/\/zanetapawlik.pl\/wp-content\/uploads\/2025\/05\/Granice-swiatla-Zaneta-Pawlik-proza-wspolczesna-okladka-768x1114.jpg 768w, https:\/\/zanetapawlik.pl\/wp-content\/uploads\/2025\/05\/Granice-swiatla-Zaneta-Pawlik-proza-wspolczesna-okladka-1058x1536.jpg 1058w, https:\/\/zanetapawlik.pl\/wp-content\/uploads\/2025\/05\/Granice-swiatla-Zaneta-Pawlik-proza-wspolczesna-okladka-1411x2048.jpg 1411w, https:\/\/zanetapawlik.pl\/wp-content\/uploads\/2025\/05\/Granice-swiatla-Zaneta-Pawlik-proza-wspolczesna-okladka-1140x1654.jpg 1140w, https:\/\/zanetapawlik.pl\/wp-content\/uploads\/2025\/05\/Granice-swiatla-Zaneta-Pawlik-proza-wspolczesna-okladka-scaled.jpg 1764w\" sizes=\"auto, (max-width: 706px) 100vw, 706px\" \/><\/figure><\/div>\n\n\n\n<div class=\"wp-block-media-text alignfull is-stacked-on-mobile is-vertically-aligned-center has-white-color has-black-background-color has-text-color has-background\"><figure class=\"wp-block-media-text__media\"><img loading=\"lazy\" decoding=\"async\" width=\"707\" height=\"1024\" src=\"https:\/\/zanetapawlik.pl\/wp-content\/uploads\/2024\/12\/Brzydcy-ludzie-muckup-przezroczyste-tlo-707x1024.png\" alt=\"\" class=\"wp-image-2377 size-full\"\/><\/figure><div class=\"wp-block-media-text__content\">\n<h2 class=\"wp-block-heading has-text-align-center has-white-color has-text-color\"><strong>Brzydcy ludzie<\/strong><\/h2>\n\n\n\n<p>Kiedy nadchodzi czas trudnych wybor\u00f3w\u2026<\/p>\n\n\n\n<p>Henryk, owdowia\u0142y przed trzema dekadami, mieszka sam, \u017cyj\u0105c wspomnieniami o ukochanej \u017conie. Mimo wieku stara si\u0119 sobie radzi\u0107 \u2013 drobne zakupy, spacery i wizyty c\u00f3rki Trudy wype\u0142niaj\u0105 jego dni.<\/p>\n\n\n\n<p>Kiedy rodzina organizuje przyj\u0119cie z okazji jego osiemdziesi\u0105tych urodzin, pozornie radosne wydarzenie staje si\u0119 pocz\u0105tkiem serii napi\u0119\u0107. Urodzinowy prezent wywo\u0142uje u jubilata gniew. Tymczasem podczas porz\u0105dk\u00f3w Truda natrafia na tajemnicze zdj\u0119cie z mi\u0142osn\u0105 dedykacj\u0105, co rodzi pytania o nieznan\u0105 przesz\u0142o\u015b\u0107 ojca.<\/p>\n\n\n\n<p>Wkr\u00f3tce nieoczekiwany splot wydarze\u0144 komplikuje \u017cycie Henryka i jego rodziny. Teraz tylko si\u0142a ich wi\u0119zi i wzajemna mi\u0142o\u015b\u0107 zdecyduj\u0105, czy czeka ich bolesne rozczarowanie, czy uzdrowienie.<\/p>\n<\/div><\/div>\n\n\n\n<div class=\"wp-block-media-text alignfull has-media-on-the-right is-stacked-on-mobile is-vertically-aligned-center has-white-color has-black-background-color has-text-color has-background\"><div class=\"wp-block-media-text__content\">\n<h2 class=\"wp-block-heading has-text-align-center has-white-color has-text-color\"><strong>Za zas\u0142on\u0105 milczenia<\/strong><\/h2>\n\n\n\n<p>Emocjonuj\u0105ca opowie\u015b\u0107 o odwadze, pojednaniu i sile, by zacz\u0105\u0107 od nowa. <\/p>\n\n\n\n<p>Klara, po dziesi\u0119ciu latach pos\u0142ugi, poruszona \u015bmierci\u0105 swego brata, opuszcza zakon. Dorota, skazana za zab\u00f3jstwo m\u0119\u017ca, wnioskuje o&nbsp;zwolnienie warunkowe. Obie kobiety, wyrzucone poza nawias spo\u0142eczny, po latach w zamkni\u0119ciu, rozpoczynaj\u0105 nowe \u017cycie. Tymczasem \u015bwiat, jaki pami\u0119taj\u0105, przesta\u0142 istnie\u0107, a trudne prze\u017cycia, kt\u00f3rych do\u015bwiadczy\u0142y za murami, zostawi\u0142y blizny. Losy Klary i Doroty splataj\u0105 si\u0119 w dramatycznych okoliczno\u015bciach. I cho\u0107 upragniona wolno\u015b\u0107 okazuje si\u0119 mie\u0107 swoj\u0105 cen\u0119, bohaterki nie ustaj\u0105 w&nbsp;walce o prawo do szcz\u0119\u015bcia.<\/p>\n<\/div><figure class=\"wp-block-media-text__media\"><img loading=\"lazy\" decoding=\"async\" width=\"1024\" height=\"785\" src=\"https:\/\/zanetapawlik.pl\/wp-content\/uploads\/2024\/02\/ZZM-mockup-1024x785.png\" alt=\"\" class=\"wp-image-1944 size-full\"\/><\/figure><\/div>\n\n\n\n<hr class=\"wp-block-separator has-css-opacity\"\/>\n\n\n\n<div class=\"wp-block-media-text alignwide is-stacked-on-mobile is-vertically-aligned-center has-white-color has-black-background-color has-text-color has-background\"><figure class=\"wp-block-media-text__media\"><a href=\"https:\/\/lubimyczytac.pl\/ksiazka\/5070842\/swiatlo-po-zmierzchu\" target=\"_blank\" rel=\"noopener\"><img loading=\"lazy\" decoding=\"async\" width=\"751\" height=\"1024\" src=\"https:\/\/zanetapawlik.pl\/wp-content\/uploads\/2023\/06\/Obraz3-751x1024.png\" alt=\"\" class=\"wp-image-1705 size-full\"\/><\/a><\/figure><div class=\"wp-block-media-text__content\">\n<div class=\"wp-block-group\" style=\"padding-top:2em;padding-right:2em;padding-bottom:2em;padding-left:2em\"><div class=\"wp-block-group__inner-container is-layout-flow wp-block-group-is-layout-flow\">\n<h2 class=\"wp-block-heading\"><strong>\u015awiat\u0142o po zmierzchu<\/strong><\/h2>\n\n\n\n<p>Na scenie zwanej \u017cyciem<\/p>\n\n\n\n<p>Gdy gwiazda Julii zaczyna bledn\u0105\u0107, jej agentka, chc\u0105c wspom\u00f3c jej karier\u0119, podejmuje zakulisowe dzia\u0142ania. Aktorka uchodzi za kapry\u015bn\u0105 i trudn\u0105 we wsp\u00f3\u0142pracy. Kolejna rola wywo\u0142uje medialn\u0105 burz\u0119. Julia zaszywa si\u0119 na wsi u przyjaci\u00f3\u0142ki, gdzie zamierza przeczeka\u0107 najgorsze. W chatce w lesie mieszka Kosma, fotografik przyrody. Gburowaty m\u0119\u017cczyzna od lat woli towarzystwo drzew i zwierz\u0105t ni\u017c ludzi. I ma swoje powody. Spotkanie z Juli\u0105 tylko utwierdza go w jego opinii o wielkomiejskim \u015bwiecie. Teresa, siostra Julii, od lat dzieli sw\u00f3j czas mi\u0119dzy obowi\u0105zki domowe a opiek\u0119 nad mam\u0105. Czuje jednak, \u017ce chcia\u0142aby od \u017cycia czego\u015b wi\u0119cej. I \u017ce mo\u017ce o to zawalczy\u0107.<\/p>\n\n\n\n<p>Losy bohater\u00f3w splataj\u0105 si\u0119 misternie. Ka\u017cdy stanie przed szans\u0105, ale czy ka\u017cdy j\u0105 wykorzysta? By\u0107 mo\u017ce jeszcze nie jest za p\u00f3\u017ano, \u017ceby zacz\u0105\u0107 wszystko od nowa. Jednak najpierw trzeba rozliczy\u0107 si\u0119 z przesz\u0142o\u015bci\u0105.<\/p>\n<\/div><\/div>\n<\/div><\/div>\n\n\n\n<hr class=\"wp-block-separator has-css-opacity\"\/>\n\n\n\n<div class=\"wp-block-media-text alignwide has-media-on-the-right is-stacked-on-mobile is-vertically-aligned-center has-black-background-color has-background\"><div class=\"wp-block-media-text__content\">\n<div class=\"wp-block-group has-white-color has-black-background-color has-text-color has-background\" style=\"padding-top:2em;padding-right:2em;padding-bottom:2em;padding-left:2em\"><div class=\"wp-block-group__inner-container is-layout-flow wp-block-group-is-layout-flow\">\n<p style=\"font-size:36px;line-height:1.2\"><strong>Tamarynd<\/strong><\/p>\n\n\n\n<p>Anka wraca do Polski po d\u0142u\u017cszym pobycie za granic\u0105. Chce zacz\u0105\u0107 wszystko od nowa. Podejmuje prac\u0119 w szpitalu psychiatrycznym jako piel\u0119gniarka. Trudna codzienno\u015b\u0107, by\u0142y narzeczony, zatarg z jedn\u0105 z pracownic nie u\u0142atwiaj\u0105 jej przystosowania si\u0119 do nowej sytuacji. Wzburzenie po k\u0142\u00f3tni z matk\u0105 nieoczekiwanie daje pocz\u0105tek znajomo\u015bci z policjantem Frankiem. I powoli wszystko zdaje si\u0119 zmierza\u0107 ku lepszemu.<\/p>\n\n\n\n<p>Pojawienie si\u0119 nowej pacjentki na oddziale otwiera zamkni\u0119ty rozdzia\u0142 w \u017cyciu Anki. Nic nie jest takie, jakim si\u0119 pozornie wydaje. Anka b\u0119dzie musia\u0142a zawalczy\u0107 nie tylko o siebie.<\/p>\n<\/div><\/div>\n<\/div><figure class=\"wp-block-media-text__media\"><img loading=\"lazy\" decoding=\"async\" width=\"743\" height=\"1024\" src=\"https:\/\/zanetapawlik.pl\/wp-content\/uploads\/2023\/03\/Tamarynd-mockup-lewy-743x1024.png\" alt=\"\" class=\"wp-image-1664 size-full\"\/><\/figure><\/div>\n\n\n\n<hr class=\"wp-block-separator has-css-opacity\"\/>\n\n\n\n<div class=\"wp-block-media-text alignwide is-stacked-on-mobile is-vertically-aligned-center has-white-color has-black-background-color has-text-color has-background\"><figure class=\"wp-block-media-text__media\"><img loading=\"lazy\" decoding=\"async\" width=\"724\" height=\"1024\" src=\"https:\/\/zanetapawlik.pl\/wp-content\/uploads\/2023\/03\/mowy-nie-ma-wizualizacja-3D-MOCKUP-724x1024.png\" alt=\"\" class=\"wp-image-1667 size-full\"\/><\/figure><div class=\"wp-block-media-text__content\">\n<div class=\"wp-block-group\" style=\"padding-top:2em;padding-right:2em;padding-bottom:2em;padding-left:2em\"><div class=\"wp-block-group__inner-container is-layout-flow wp-block-group-is-layout-flow\">\n<p style=\"font-size:36px;line-height:1.2\"><strong>Mowy nie ma!<\/strong><\/p>\n\n\n\n<p>Ma\u0142gorzata to kobieta spe\u0142niona. A przynajmniej tak by si\u0119 wydawa\u0142o na pierwszy rzut oka. \u017bona, matka, nauczycielka w liceum, lubiana przez uczni\u00f3w. Ma\u0142o kto domy\u015bli\u0142by si\u0119, \u017ce jej ma\u0142\u017ce\u0144stwo przechodzi kryzys. W \u015bwi\u0105teczny wiecz\u00f3r Ma\u0142gorzata przy\u0142apuje m\u0119\u017ca na zdradzie. \u015awiadkiem k\u0142\u00f3tni jest nowy s\u0105siad Adam, kt\u00f3ry cudem unika uderzenia iPadem, wyrzuconym w afekcie z trzeciego pi\u0119tra.&nbsp;<\/p>\n\n\n\n<p>Na szcz\u0119\u015bcie Ma\u0142gorzata mo\u017ce liczy\u0107 na przyjaci\u00f3\u0142k\u0119 i &#8211; do\u015b\u0107 nieoczekiwanie &#8211; na nowego s\u0105siada.&nbsp;<\/p>\n\n\n\n<p>Niespodziewanie wracaj\u0105 demony przesz\u0142o\u015bci. Ma\u0142gorzata b\u0119dzie musia\u0142a odpowiedzie\u0107 sobie na kilka wa\u017cnych pyta\u0144&#8230;<\/p>\n<\/div><\/div>\n<\/div><\/div>\n\n\n\n<div class=\"wp-block-buttons is-content-justification-center is-layout-flex wp-container-core-buttons-is-layout-16018d1d wp-block-buttons-is-layout-flex\"><\/div>\n\n\n\n<hr class=\"wp-block-separator has-css-opacity\"\/>\n\n\n\n<h4 class=\"wp-block-heading\"><\/h4>\n\n\n\n<div class=\"wp-block-buttons is-content-justification-center is-layout-flex wp-container-core-buttons-is-layout-16018d1d wp-block-buttons-is-layout-flex\">\n<div class=\"wp-block-button is-style-outline is-style-outline--3\"><a class=\"wp-block-button__link wp-element-button\" href=\"https:\/\/lubimyczytac.pl\/autor\/229009\/zaneta-pawlik\">Opinie<\/a><\/div>\n<\/div>\n\n\n\n<div style=\"height:33px\" aria-hidden=\"true\" class=\"wp-block-spacer\"><\/div>\n\n\n\n<div style=\"height:33px\" aria-hidden=\"true\" class=\"wp-block-spacer\"><\/div>\n\n\n\n<div class=\"wp-block-columns is-layout-flex wp-container-core-columns-is-layout-9d6595d7 wp-block-columns-is-layout-flex\">\n<div class=\"wp-block-column is-layout-flow wp-block-column-is-layout-flow\">\n<figure class=\"wp-block-image size-large\"><img loading=\"lazy\" decoding=\"async\" width=\"1024\" height=\"576\" src=\"https:\/\/zanetapawlik.pl\/wp-content\/uploads\/2023\/02\/Tomasz-Betcher-Tamarynd-1024x576.png\" alt=\"\" class=\"wp-image-1651\" srcset=\"https:\/\/zanetapawlik.pl\/wp-content\/uploads\/2023\/02\/Tomasz-Betcher-Tamarynd-1024x576.png 1024w, https:\/\/zanetapawlik.pl\/wp-content\/uploads\/2023\/02\/Tomasz-Betcher-Tamarynd-300x169.png 300w, https:\/\/zanetapawlik.pl\/wp-content\/uploads\/2023\/02\/Tomasz-Betcher-Tamarynd-768x432.png 768w, https:\/\/zanetapawlik.pl\/wp-content\/uploads\/2023\/02\/Tomasz-Betcher-Tamarynd-1536x864.png 1536w, https:\/\/zanetapawlik.pl\/wp-content\/uploads\/2023\/02\/Tomasz-Betcher-Tamarynd-1140x641.png 1140w, https:\/\/zanetapawlik.pl\/wp-content\/uploads\/2023\/02\/Tomasz-Betcher-Tamarynd.png 1920w\" sizes=\"auto, (max-width: 1024px) 100vw, 1024px\" \/><\/figure>\n<\/div>\n\n\n\n<div class=\"wp-block-column is-layout-flow wp-block-column-is-layout-flow\">\n<figure class=\"wp-block-image size-large\"><img loading=\"lazy\" decoding=\"async\" width=\"1024\" height=\"576\" src=\"https:\/\/zanetapawlik.pl\/wp-content\/uploads\/2023\/02\/Zielona-Pogrubienie-Nowoczesna-Oferta-Opieka-Zdrowotna-Misja-i-Cele-Prezentacja-1024x576.png\" alt=\"\" class=\"wp-image-1661\" srcset=\"https:\/\/zanetapawlik.pl\/wp-content\/uploads\/2023\/02\/Zielona-Pogrubienie-Nowoczesna-Oferta-Opieka-Zdrowotna-Misja-i-Cele-Prezentacja-1024x576.png 1024w, https:\/\/zanetapawlik.pl\/wp-content\/uploads\/2023\/02\/Zielona-Pogrubienie-Nowoczesna-Oferta-Opieka-Zdrowotna-Misja-i-Cele-Prezentacja-300x169.png 300w, https:\/\/zanetapawlik.pl\/wp-content\/uploads\/2023\/02\/Zielona-Pogrubienie-Nowoczesna-Oferta-Opieka-Zdrowotna-Misja-i-Cele-Prezentacja-768x432.png 768w, https:\/\/zanetapawlik.pl\/wp-content\/uploads\/2023\/02\/Zielona-Pogrubienie-Nowoczesna-Oferta-Opieka-Zdrowotna-Misja-i-Cele-Prezentacja-1536x864.png 1536w, https:\/\/zanetapawlik.pl\/wp-content\/uploads\/2023\/02\/Zielona-Pogrubienie-Nowoczesna-Oferta-Opieka-Zdrowotna-Misja-i-Cele-Prezentacja-1140x641.png 1140w, https:\/\/zanetapawlik.pl\/wp-content\/uploads\/2023\/02\/Zielona-Pogrubienie-Nowoczesna-Oferta-Opieka-Zdrowotna-Misja-i-Cele-Prezentacja.png 1920w\" sizes=\"auto, (max-width: 1024px) 100vw, 1024px\" \/><\/figure>\n<\/div>\n<\/div>\n\n\n\n<div class=\"wp-block-columns is-layout-flex wp-container-core-columns-is-layout-9d6595d7 wp-block-columns-is-layout-flex\">\n<div class=\"wp-block-column is-layout-flow wp-block-column-is-layout-flow\">\n<figure class=\"wp-block-image size-large\"><img loading=\"lazy\" decoding=\"async\" width=\"1024\" height=\"576\" src=\"https:\/\/zanetapawlik.pl\/wp-content\/uploads\/2023\/02\/5-1024x576.png\" alt=\"\" class=\"wp-image-1624\" srcset=\"https:\/\/zanetapawlik.pl\/wp-content\/uploads\/2023\/02\/5-1024x576.png 1024w, https:\/\/zanetapawlik.pl\/wp-content\/uploads\/2023\/02\/5-300x169.png 300w, https:\/\/zanetapawlik.pl\/wp-content\/uploads\/2023\/02\/5-768x432.png 768w, https:\/\/zanetapawlik.pl\/wp-content\/uploads\/2023\/02\/5-1536x864.png 1536w, https:\/\/zanetapawlik.pl\/wp-content\/uploads\/2023\/02\/5-1140x641.png 1140w, https:\/\/zanetapawlik.pl\/wp-content\/uploads\/2023\/02\/5.png 1920w\" sizes=\"auto, (max-width: 1024px) 100vw, 1024px\" \/><\/figure>\n<\/div>\n\n\n\n<div class=\"wp-block-column is-layout-flow wp-block-column-is-layout-flow\">\n<figure class=\"wp-block-image size-large\"><img loading=\"lazy\" decoding=\"async\" width=\"1920\" height=\"1080\" src=\"https:\/\/zanetapawlik.pl\/wp-content\/uploads\/2023\/02\/6-1024x576.png\" alt=\"\" class=\"wp-image-1625\" srcset=\"https:\/\/zanetapawlik.pl\/wp-content\/uploads\/2023\/02\/6-1024x576.png 1024w, https:\/\/zanetapawlik.pl\/wp-content\/uploads\/2023\/02\/6-300x169.png 300w, https:\/\/zanetapawlik.pl\/wp-content\/uploads\/2023\/02\/6-768x432.png 768w, https:\/\/zanetapawlik.pl\/wp-content\/uploads\/2023\/02\/6-1536x864.png 1536w, https:\/\/zanetapawlik.pl\/wp-content\/uploads\/2023\/02\/6-1140x641.png 1140w, https:\/\/zanetapawlik.pl\/wp-content\/uploads\/2023\/02\/6.png 1920w\" sizes=\"auto, (max-width: 1920px) 100vw, 1920px\" \/><\/figure>\n<\/div>\n<\/div>\n\n\n\n<div class=\"wp-block-columns is-layout-flex wp-container-core-columns-is-layout-9d6595d7 wp-block-columns-is-layout-flex\">\n<div class=\"wp-block-column is-layout-flow wp-block-column-is-layout-flow\">\n<figure class=\"wp-block-image size-large\"><img loading=\"lazy\" decoding=\"async\" width=\"1024\" height=\"576\" src=\"https:\/\/zanetapawlik.pl\/wp-content\/uploads\/2023\/02\/Joanna-Jurgaaa-Jureczko-Tamarynd-1024x576.png\" alt=\"\" class=\"wp-image-1653\" srcset=\"https:\/\/zanetapawlik.pl\/wp-content\/uploads\/2023\/02\/Joanna-Jurgaaa-Jureczko-Tamarynd-1024x576.png 1024w, https:\/\/zanetapawlik.pl\/wp-content\/uploads\/2023\/02\/Joanna-Jurgaaa-Jureczko-Tamarynd-300x169.png 300w, https:\/\/zanetapawlik.pl\/wp-content\/uploads\/2023\/02\/Joanna-Jurgaaa-Jureczko-Tamarynd-768x432.png 768w, https:\/\/zanetapawlik.pl\/wp-content\/uploads\/2023\/02\/Joanna-Jurgaaa-Jureczko-Tamarynd-1536x864.png 1536w, https:\/\/zanetapawlik.pl\/wp-content\/uploads\/2023\/02\/Joanna-Jurgaaa-Jureczko-Tamarynd-1140x641.png 1140w, https:\/\/zanetapawlik.pl\/wp-content\/uploads\/2023\/02\/Joanna-Jurgaaa-Jureczko-Tamarynd.png 1920w\" sizes=\"auto, (max-width: 1024px) 100vw, 1024px\" \/><\/figure>\n<\/div>\n\n\n\n<div class=\"wp-block-column is-layout-flow wp-block-column-is-layout-flow\">\n<figure class=\"wp-block-image size-large\"><img loading=\"lazy\" decoding=\"async\" width=\"1024\" height=\"576\" src=\"https:\/\/zanetapawlik.pl\/wp-content\/uploads\/2023\/02\/Tamarynd-Zaneta-Pawlik-1024x576.png\" alt=\"\" class=\"wp-image-1655\" srcset=\"https:\/\/zanetapawlik.pl\/wp-content\/uploads\/2023\/02\/Tamarynd-Zaneta-Pawlik-1024x576.png 1024w, https:\/\/zanetapawlik.pl\/wp-content\/uploads\/2023\/02\/Tamarynd-Zaneta-Pawlik-300x169.png 300w, https:\/\/zanetapawlik.pl\/wp-content\/uploads\/2023\/02\/Tamarynd-Zaneta-Pawlik-768x432.png 768w, https:\/\/zanetapawlik.pl\/wp-content\/uploads\/2023\/02\/Tamarynd-Zaneta-Pawlik-1536x864.png 1536w, https:\/\/zanetapawlik.pl\/wp-content\/uploads\/2023\/02\/Tamarynd-Zaneta-Pawlik-1140x641.png 1140w, https:\/\/zanetapawlik.pl\/wp-content\/uploads\/2023\/02\/Tamarynd-Zaneta-Pawlik.png 1920w\" sizes=\"auto, (max-width: 1024px) 100vw, 1024px\" \/><\/figure>\n<\/div>\n<\/div>\n\n\n\n<hr class=\"wp-block-separator has-css-opacity\"\/>\n<!-- AddThis Advanced Settings generic via filter on the_content --><!-- AddThis Share Buttons generic via filter on the_content -->","protected":false},"excerpt":{"rendered":"<p>To powie\u015b\u0107 o kobieco\u015bci, zagubieniu, potrzebie blisko\u015bci i nadziei. Poruszaj\u0105ca historia kobiety, kt\u00f3ra pr\u00f3buje odnale\u017a\u0107 siebie w \u015bwiecie pe\u0142nym niedopowiedze\u0144, bolesnych wspomnie\u0144 i trudnych relacji. Nie jest to opowie\u015b\u0107 o upadku, lecz o sile, kt\u00f3ra rodzi si\u0119 z potrzeby zmiany.Anita Wejnart wychowa\u0142a si\u0119 w domu naznaczonym alkoholizmem i emocjonalnym ch\u0142odem. W doros\u0142ym \u017cyciu odkrywa, \u017ce zosta\u0142a porzucona przez biologiczn\u0105 matk\u0119, a to\u017csamo\u015b\u0107 ojca pozostaje nieznana. W tej sytuacji rozpaczliwie szuka punktu oparcia, sensu i prawdy o sobie. Cho\u0107 Anita nie radzi sobie z emocjami i szuka ukojenia w alkoholu, jej historia pokazuje, \u017ce warto podj\u0105\u0107 prac\u0119 nad sob\u0105 i odnale\u017a\u0107 si\u0142\u0119, by zawalczy\u0107 o w\u0142asne \u017cycie. Pi\u0119kno rodzi si\u0119 w mroku Trzydzie\u015bci lat temu Leszek straci\u0142 wzrok. Tylko rze\u017abienie w glinie dawa\u0142o mu ukojenie \u2013 do czasu gdy zwi\u0105za\u0142 si\u0119 z Ew\u0105 i zrezygnowa\u0142 z tej pasji. Z biegiem lat coraz bardziej oddala\u0142 si\u0119 od partnerki i dorastaj\u0105cej c\u00f3rki. Teraz zbli\u017ca si\u0119 do pi\u0119\u0107dziesi\u0105tki i zdaje sobie spraw\u0119, \u017ce cho\u0107 nie chcia\u0142 by\u0107 wi\u0119\u017aniem swoich ogranicze\u0144, to w\u0142a\u015bnie takim si\u0119 sta\u0142. Joanna znalaz\u0142a si\u0119 na \u017cyciowym zakr\u0119cie. Romans z prze\u0142o\u017conym zako\u0144czy\u0142 si\u0119 katastrof\u0105, a zaraz po powrocie z urlopu, podczas kt\u00f3rego chcia\u0142a oderwa\u0107 si\u0119 od przykrych wspomnie\u0144, zostaje zwolniona z pracy. Przypadek sprawia, \u017ce staje si\u0119 \u015bwiadkiem kolizji drogowej i ratuje z niej Leszka. Spotkanie dwojga poranionych ludzi daje pocz\u0105tek nieoczekiwanej przyja\u017ani. W \u015bwiecie pe\u0142nym \u017cyciowych zawirowa\u0144, rodzinnych napi\u0119\u0107 i utraconych szans oboje musz\u0105 odnale\u017a\u0107 now\u0105 drog\u0119 \u2013 ku sobie, ku marzeniom, ku nadziei. Granice \u015bwiat\u0142a Eliza i Nikodem \u2013 w ich ma\u0142\u017ce\u0144stwie jest wi\u0119cej samotno\u015bci ni\u017c blisko\u015bci. Dziel\u0105 ich \u017cal, niedopowiedzenia i rodzinna tragedia. S\u0105 jak dwa kawa\u0142ki magnesu, kt\u00f3re si\u0119 odpychaj\u0105. Kiedy on wyrusza z wypraw\u0105 naukow\u0105 na ko\u0142o podbiegunowe, ona zostaje w domu z my\u015blami i wspomnieniami. Postanawia jednak dzia\u0142a\u0107\u2026W tej opowie\u015bci jest urzekaj\u0105ca przestrze\u0144 i cisza, a jednocze\u015bnie pulsuj\u0105ce uczucia i nadzieje. Arktyka jest t\u0142em historii, ale r\u00f3wnie\u017c metafor\u0105 ch\u0142odu przes\u0105czaj\u0105cego si\u0119 do ka\u017cdego s\u0142owa i gestu niegdy\u015b bliskich sobie ludzi. Pi\u0119knie napisana historia, w kt\u00f3rej \u017baneta Pawlik dowodzi, \u017ce nawet przez ciemno\u015b\u0107 nocy polarnej mo\u017ce przebi\u0107 si\u0119 \u015bwiat\u0142o.Wydanie ksi\u0105\u017cki z du\u017c\u0105, czyteln\u0105 czcionk\u0105. Brzydcy ludzie Kiedy nadchodzi czas trudnych wybor\u00f3w\u2026 Henryk, owdowia\u0142y przed trzema dekadami, mieszka sam, \u017cyj\u0105c wspomnieniami o ukochanej \u017conie. Mimo wieku stara si\u0119 sobie radzi\u0107 \u2013 drobne zakupy, spacery i wizyty c\u00f3rki Trudy wype\u0142niaj\u0105 jego dni. Kiedy rodzina organizuje przyj\u0119cie z okazji jego osiemdziesi\u0105tych urodzin, pozornie radosne wydarzenie staje si\u0119 pocz\u0105tkiem serii napi\u0119\u0107. Urodzinowy prezent wywo\u0142uje u jubilata gniew. Tymczasem podczas porz\u0105dk\u00f3w Truda natrafia na tajemnicze zdj\u0119cie z mi\u0142osn\u0105 dedykacj\u0105, co rodzi pytania o nieznan\u0105 przesz\u0142o\u015b\u0107 ojca. Wkr\u00f3tce nieoczekiwany splot wydarze\u0144 komplikuje \u017cycie Henryka i jego rodziny. Teraz tylko si\u0142a ich wi\u0119zi i wzajemna mi\u0142o\u015b\u0107 zdecyduj\u0105, czy czeka ich bolesne rozczarowanie, czy uzdrowienie. Za zas\u0142on\u0105 milczenia Emocjonuj\u0105ca opowie\u015b\u0107 o odwadze, pojednaniu i sile, by zacz\u0105\u0107 od nowa. Klara, po dziesi\u0119ciu latach pos\u0142ugi, poruszona \u015bmierci\u0105 swego brata, opuszcza zakon. Dorota, skazana za zab\u00f3jstwo m\u0119\u017ca, wnioskuje o&nbsp;zwolnienie warunkowe. Obie kobiety, wyrzucone poza nawias spo\u0142eczny, po latach w zamkni\u0119ciu, rozpoczynaj\u0105 nowe \u017cycie. Tymczasem \u015bwiat, jaki pami\u0119taj\u0105, przesta\u0142 istnie\u0107, a trudne prze\u017cycia, kt\u00f3rych do\u015bwiadczy\u0142y za murami, zostawi\u0142y blizny. Losy Klary i Doroty splataj\u0105 si\u0119 w dramatycznych okoliczno\u015bciach. I cho\u0107 upragniona wolno\u015b\u0107 okazuje si\u0119 mie\u0107 swoj\u0105 cen\u0119, bohaterki nie ustaj\u0105 w&nbsp;walce o prawo do szcz\u0119\u015bcia.<!-- AddThis Advanced Settings generic via filter on get_the_excerpt --><!-- AddThis Share Buttons generic via filter on get_the_excerpt --><\/p>\n","protected":false},"author":1,"featured_media":2281,"parent":0,"menu_order":0,"comment_status":"closed","ping_status":"closed","template":"","meta":{"_exactmetrics_skip_tracking":false,"_exactmetrics_sitenote_active":false,"_exactmetrics_sitenote_note":"","_exactmetrics_sitenote_category":0,"_monsterinsights_skip_tracking":false,"_monsterinsights_sitenote_active":false,"_monsterinsights_sitenote_note":"","_monsterinsights_sitenote_category":0,"footnotes":""},"class_list":["post-140","page","type-page","status-publish","has-post-thumbnail","hentry"],"yoast_head":"<!-- This site is optimized with the Yoast SEO plugin v27.3 - https:\/\/yoast.com\/product\/yoast-seo-wordpress\/ -->\n<title>Ksi\u0105\u017cki - \u017baneta Pawlik<\/title>\n<meta name=\"description\" content=\"\u017baneta Pawlik pisze ksi\u0105\u017cki z wyrazistym t\u0142em spo\u0142eczno-obyczajowym. Wci\u0105ga czytelnika w misternie utkan\u0105 fabu\u0142\u0119.\" \/>\n<meta name=\"robots\" content=\"index, follow, max-snippet:-1, max-image-preview:large, max-video-preview:-1\" \/>\n<link rel=\"canonical\" href=\"https:\/\/zanetapawlik.pl\/index.php\/ksiazki\/\" \/>\n<meta property=\"og:locale\" content=\"pl_PL\" \/>\n<meta property=\"og:type\" content=\"article\" \/>\n<meta property=\"og:title\" content=\"Ksi\u0105\u017cki - \u017baneta Pawlik\" \/>\n<meta property=\"og:description\" content=\"\u017baneta Pawlik pisze ksi\u0105\u017cki z wyrazistym t\u0142em spo\u0142eczno-obyczajowym. Wci\u0105ga czytelnika w misternie utkan\u0105 fabu\u0142\u0119.\" \/>\n<meta property=\"og:url\" content=\"https:\/\/zanetapawlik.pl\/index.php\/ksiazki\/\" \/>\n<meta property=\"og:site_name\" content=\"\u017baneta Pawlik\" \/>\n<meta property=\"article:modified_time\" content=\"2026-04-11T15:02:26+00:00\" \/>\n<meta property=\"og:image\" content=\"https:\/\/zanetapawlik.pl\/wp-content\/uploads\/2024\/05\/ksiazki-Zaneta-Pawlik.jpg\" \/>\n\t<meta property=\"og:image:width\" content=\"2000\" \/>\n\t<meta property=\"og:image:height\" content=\"1125\" \/>\n\t<meta property=\"og:image:type\" content=\"image\/jpeg\" \/>\n<meta name=\"twitter:card\" content=\"summary_large_image\" \/>\n<meta name=\"twitter:label1\" content=\"Szacowany czas czytania\" \/>\n\t<meta name=\"twitter:data1\" content=\"9 minut\" \/>\n<script type=\"application\/ld+json\" class=\"yoast-schema-graph\">{\"@context\":\"https:\\\/\\\/schema.org\",\"@graph\":[{\"@type\":\"WebPage\",\"@id\":\"https:\\\/\\\/zanetapawlik.pl\\\/index.php\\\/ksiazki\\\/\",\"url\":\"https:\\\/\\\/zanetapawlik.pl\\\/index.php\\\/ksiazki\\\/\",\"name\":\"Ksi\u0105\u017cki - \u017baneta Pawlik\",\"isPartOf\":{\"@id\":\"https:\\\/\\\/zanetapawlik.pl\\\/#website\"},\"primaryImageOfPage\":{\"@id\":\"https:\\\/\\\/zanetapawlik.pl\\\/index.php\\\/ksiazki\\\/#primaryimage\"},\"image\":{\"@id\":\"https:\\\/\\\/zanetapawlik.pl\\\/index.php\\\/ksiazki\\\/#primaryimage\"},\"thumbnailUrl\":\"https:\\\/\\\/zanetapawlik.pl\\\/wp-content\\\/uploads\\\/2024\\\/05\\\/ksiazki-Zaneta-Pawlik.jpg\",\"datePublished\":\"2021-02-24T10:35:37+00:00\",\"dateModified\":\"2026-04-11T15:02:26+00:00\",\"description\":\"\u017baneta Pawlik pisze ksi\u0105\u017cki z wyrazistym t\u0142em spo\u0142eczno-obyczajowym. Wci\u0105ga czytelnika w misternie utkan\u0105 fabu\u0142\u0119.\",\"breadcrumb\":{\"@id\":\"https:\\\/\\\/zanetapawlik.pl\\\/index.php\\\/ksiazki\\\/#breadcrumb\"},\"inLanguage\":\"pl-PL\",\"potentialAction\":[{\"@type\":\"ReadAction\",\"target\":[\"https:\\\/\\\/zanetapawlik.pl\\\/index.php\\\/ksiazki\\\/\"]}]},{\"@type\":\"ImageObject\",\"inLanguage\":\"pl-PL\",\"@id\":\"https:\\\/\\\/zanetapawlik.pl\\\/index.php\\\/ksiazki\\\/#primaryimage\",\"url\":\"https:\\\/\\\/zanetapawlik.pl\\\/wp-content\\\/uploads\\\/2024\\\/05\\\/ksiazki-Zaneta-Pawlik.jpg\",\"contentUrl\":\"https:\\\/\\\/zanetapawlik.pl\\\/wp-content\\\/uploads\\\/2024\\\/05\\\/ksiazki-Zaneta-Pawlik.jpg\",\"width\":2000,\"height\":1125},{\"@type\":\"BreadcrumbList\",\"@id\":\"https:\\\/\\\/zanetapawlik.pl\\\/index.php\\\/ksiazki\\\/#breadcrumb\",\"itemListElement\":[{\"@type\":\"ListItem\",\"position\":1,\"name\":\"Strona g\u0142\u00f3wna\",\"item\":\"https:\\\/\\\/zanetapawlik.pl\\\/\"},{\"@type\":\"ListItem\",\"position\":2,\"name\":\"Ksi\u0105\u017cki\"}]},{\"@type\":\"WebSite\",\"@id\":\"https:\\\/\\\/zanetapawlik.pl\\\/#website\",\"url\":\"https:\\\/\\\/zanetapawlik.pl\\\/\",\"name\":\"\u017baneta Pawlik\",\"description\":\"Powie\u015bciopisarka\",\"potentialAction\":[{\"@type\":\"SearchAction\",\"target\":{\"@type\":\"EntryPoint\",\"urlTemplate\":\"https:\\\/\\\/zanetapawlik.pl\\\/?s={search_term_string}\"},\"query-input\":{\"@type\":\"PropertyValueSpecification\",\"valueRequired\":true,\"valueName\":\"search_term_string\"}}],\"inLanguage\":\"pl-PL\"}]}<\/script>\n<!-- \/ Yoast SEO plugin. -->","yoast_head_json":{"title":"Ksi\u0105\u017cki - \u017baneta Pawlik","description":"\u017baneta Pawlik pisze ksi\u0105\u017cki z wyrazistym t\u0142em spo\u0142eczno-obyczajowym. Wci\u0105ga czytelnika w misternie utkan\u0105 fabu\u0142\u0119.","robots":{"index":"index","follow":"follow","max-snippet":"max-snippet:-1","max-image-preview":"max-image-preview:large","max-video-preview":"max-video-preview:-1"},"canonical":"https:\/\/zanetapawlik.pl\/index.php\/ksiazki\/","og_locale":"pl_PL","og_type":"article","og_title":"Ksi\u0105\u017cki - \u017baneta Pawlik","og_description":"\u017baneta Pawlik pisze ksi\u0105\u017cki z wyrazistym t\u0142em spo\u0142eczno-obyczajowym. Wci\u0105ga czytelnika w misternie utkan\u0105 fabu\u0142\u0119.","og_url":"https:\/\/zanetapawlik.pl\/index.php\/ksiazki\/","og_site_name":"\u017baneta Pawlik","article_modified_time":"2026-04-11T15:02:26+00:00","og_image":[{"width":2000,"height":1125,"url":"https:\/\/zanetapawlik.pl\/wp-content\/uploads\/2024\/05\/ksiazki-Zaneta-Pawlik.jpg","type":"image\/jpeg"}],"twitter_card":"summary_large_image","twitter_misc":{"Szacowany czas czytania":"9 minut"},"schema":{"@context":"https:\/\/schema.org","@graph":[{"@type":"WebPage","@id":"https:\/\/zanetapawlik.pl\/index.php\/ksiazki\/","url":"https:\/\/zanetapawlik.pl\/index.php\/ksiazki\/","name":"Ksi\u0105\u017cki - \u017baneta Pawlik","isPartOf":{"@id":"https:\/\/zanetapawlik.pl\/#website"},"primaryImageOfPage":{"@id":"https:\/\/zanetapawlik.pl\/index.php\/ksiazki\/#primaryimage"},"image":{"@id":"https:\/\/zanetapawlik.pl\/index.php\/ksiazki\/#primaryimage"},"thumbnailUrl":"https:\/\/zanetapawlik.pl\/wp-content\/uploads\/2024\/05\/ksiazki-Zaneta-Pawlik.jpg","datePublished":"2021-02-24T10:35:37+00:00","dateModified":"2026-04-11T15:02:26+00:00","description":"\u017baneta Pawlik pisze ksi\u0105\u017cki z wyrazistym t\u0142em spo\u0142eczno-obyczajowym. Wci\u0105ga czytelnika w misternie utkan\u0105 fabu\u0142\u0119.","breadcrumb":{"@id":"https:\/\/zanetapawlik.pl\/index.php\/ksiazki\/#breadcrumb"},"inLanguage":"pl-PL","potentialAction":[{"@type":"ReadAction","target":["https:\/\/zanetapawlik.pl\/index.php\/ksiazki\/"]}]},{"@type":"ImageObject","inLanguage":"pl-PL","@id":"https:\/\/zanetapawlik.pl\/index.php\/ksiazki\/#primaryimage","url":"https:\/\/zanetapawlik.pl\/wp-content\/uploads\/2024\/05\/ksiazki-Zaneta-Pawlik.jpg","contentUrl":"https:\/\/zanetapawlik.pl\/wp-content\/uploads\/2024\/05\/ksiazki-Zaneta-Pawlik.jpg","width":2000,"height":1125},{"@type":"BreadcrumbList","@id":"https:\/\/zanetapawlik.pl\/index.php\/ksiazki\/#breadcrumb","itemListElement":[{"@type":"ListItem","position":1,"name":"Strona g\u0142\u00f3wna","item":"https:\/\/zanetapawlik.pl\/"},{"@type":"ListItem","position":2,"name":"Ksi\u0105\u017cki"}]},{"@type":"WebSite","@id":"https:\/\/zanetapawlik.pl\/#website","url":"https:\/\/zanetapawlik.pl\/","name":"\u017baneta Pawlik","description":"Powie\u015bciopisarka","potentialAction":[{"@type":"SearchAction","target":{"@type":"EntryPoint","urlTemplate":"https:\/\/zanetapawlik.pl\/?s={search_term_string}"},"query-input":{"@type":"PropertyValueSpecification","valueRequired":true,"valueName":"search_term_string"}}],"inLanguage":"pl-PL"}]}},"_links":{"self":[{"href":"https:\/\/zanetapawlik.pl\/index.php\/wp-json\/wp\/v2\/pages\/140","targetHints":{"allow":["GET"]}}],"collection":[{"href":"https:\/\/zanetapawlik.pl\/index.php\/wp-json\/wp\/v2\/pages"}],"about":[{"href":"https:\/\/zanetapawlik.pl\/index.php\/wp-json\/wp\/v2\/types\/page"}],"author":[{"embeddable":true,"href":"https:\/\/zanetapawlik.pl\/index.php\/wp-json\/wp\/v2\/users\/1"}],"replies":[{"embeddable":true,"href":"https:\/\/zanetapawlik.pl\/index.php\/wp-json\/wp\/v2\/comments?post=140"}],"version-history":[{"count":51,"href":"https:\/\/zanetapawlik.pl\/index.php\/wp-json\/wp\/v2\/pages\/140\/revisions"}],"predecessor-version":[{"id":2511,"href":"https:\/\/zanetapawlik.pl\/index.php\/wp-json\/wp\/v2\/pages\/140\/revisions\/2511"}],"wp:featuredmedia":[{"embeddable":true,"href":"https:\/\/zanetapawlik.pl\/index.php\/wp-json\/wp\/v2\/media\/2281"}],"wp:attachment":[{"href":"https:\/\/zanetapawlik.pl\/index.php\/wp-json\/wp\/v2\/media?parent=140"}],"curies":[{"name":"wp","href":"https:\/\/api.w.org\/{rel}","templated":true}]}}